{"id":1741,"date":"2021-07-14T14:44:07","date_gmt":"2021-07-14T13:44:07","guid":{"rendered":"http:\/\/www.szklo-ceramika.online\/?post_type=tribe_events&#038;p=1741"},"modified":"2021-07-14T14:44:07","modified_gmt":"2021-07-14T13:44:07","slug":"wystawa-trzask-ceramics-w-instytucie-dizajnu-w-kielcach","status":"publish","type":"tribe_events","link":"https:\/\/www.szklo-ceramika.online\/en\/event\/wystawa-trzask-ceramics-w-instytucie-dizajnu-w-kielcach\/","title":{"rendered":"Wystawa Trzask Ceramics w Instytucie Dizajnu w Kielcach"},"content":{"rendered":"<div class=\"pntrst_main_before_after\"><\/div><p>Trzask Ceramics, czyli Marta Kachniarz i Olek Kozielski swoje wzory i kolory prezentuj\u0105 tego lata\u00a0 w kieleckim Instytucie Dizajnu. Kubki, miski, talerze, wazony, bi\u017cuteria czy \u015bwiece, ale te\u017c ma\u0142e formy ozdobne, to ich asortyment. Charakterystyczne dla ich produkt\u00f3w s\u0105 pastelowe, ciep\u0142e kolory, ob\u0142e kszta\u0142ty, odrobina z\u0142ota tu i tam.<\/p>\n<p>Autorzy nie ograniczaj\u0105 si\u0119 do jednego medium (tworz\u0105 tak\u017ce w mosi\u0105dzu!), a ceramika powstaje r\u00f3\u017cnymi metodami: jest toczona na kole, lepiona r\u0119cznie lub odlewana w formach. K\u0142ad\u0105 nacisk na niewielkie serie, a droga od pomys\u0142u do produktu jest kr\u00f3tka, prosta i szybka, jak autostrada A18 \ud83d\ude09 W ich zamy\u015ble, przedmioty, kt\u00f3re wytwarzaj\u0105 maj\u0105 towarzyszy\u0107 posiadaczom na co dzie\u0144, ociepla\u0107 wn\u0119trza i wywo\u0142ywa\u0107 u\u015bmiech na twarzy ka\u017cdego obserwatora.<\/p>\n<p>Aby sprawdzi\u0107, czy to dzia\u0142a, zajrzyjcie do Indtytutu Dizajnu w Kielcach!<\/p>\n<div class=\"pntrst_main_before_after\"><\/div><div class=\"fcbkbttn_buttons_block\" id=\"fcbkbttn_left\"><div class=\"fcbkbttn_button\">\n                            <a href=\"https:\/\/www.facebook.com\/szkloiceramika\" target=\"_blank\">\n                                <img decoding=\"async\" src=\"https:\/\/www.szklo-ceramika.online\/wp-content\/plugins\/social-buttons-pack\/facebook-button-plugin\/images\/standard-facebook-ico.png\" alt=\"Fb-Button\" \/>\n                            <\/a>\n                        <\/div><div class=\"fcbkbttn_like \"><fb:like href=\"https:\/\/www.szklo-ceramika.online\/en\/event\/wystawa-trzask-ceramics-w-instytucie-dizajnu-w-kielcach\/\" action=\"like\" colorscheme=\"light\" layout=\"button_count\"  size=\"small\"><\/fb:like><\/div><div class=\"fb-share-button  \" data-href=\"https:\/\/www.szklo-ceramika.online\/en\/event\/wystawa-trzask-ceramics-w-instytucie-dizajnu-w-kielcach\/\" data-type=\"button\" data-size=\"small\"><\/div><\/div>","protected":false},"excerpt":{"rendered":"<p>Trzask Ceramics, czyli Marta Kachniarz i Olek Kozielski swoje wzory i kolory prezentuj\u0105 tego lata\u00a0 w kieleckim Instytucie Dizajnu. Kubki,&hellip; <\/p>\n","protected":false},"author":4,"featured_media":1742,"template":"","meta":{"_tribe_events_status":"","_tribe_events_status_reason":"","footnotes":""},"tags":[30,387,386,385,15],"tribe_events_cat":[357],"class_list":["post-1741","tribe_events","type-tribe_events","status-publish","has-post-thumbnail","hentry","tag-ceramika","tag-idk","tag-instytut-dizajnu-w-kielcach","tag-trzask-ceramics","tag-wystawa","tribe_events_cat-ceramika","cat_ceramika"],"_links":{"self":[{"href":"https:\/\/www.szklo-ceramika.online\/en\/wp-json\/wp\/v2\/tribe_events\/1741","targetHints":{"allow":["GET"]}}],"collection":[{"href":"https:\/\/www.szklo-ceramika.online\/en\/wp-json\/wp\/v2\/tribe_events"}],"about":[{"href":"https:\/\/www.szklo-ceramika.online\/en\/wp-json\/wp\/v2\/types\/tribe_events"}],"author":[{"embeddable":true,"href":"https:\/\/www.szklo-ceramika.online\/en\/wp-json\/wp\/v2\/users\/4"}],"version-history":[{"count":2,"href":"https:\/\/www.szklo-ceramika.online\/en\/wp-json\/wp\/v2\/tribe_events\/1741\/revisions"}],"predecessor-version":[{"id":1747,"href":"https:\/\/www.szklo-ceramika.online\/en\/wp-json\/wp\/v2\/tribe_events\/1741\/revisions\/1747"}],"wp:featuredmedia":[{"embeddable":true,"href":"https:\/\/www.szklo-ceramika.online\/en\/wp-json\/wp\/v2\/media\/1742"}],"wp:attachment":[{"href":"https:\/\/www.szklo-ceramika.online\/en\/wp-json\/wp\/v2\/media?parent=1741"}],"wp:term":[{"taxonomy":"post_tag","embeddable":true,"href":"https:\/\/www.szklo-ceramika.online\/en\/wp-json\/wp\/v2\/tags?post=1741"},{"taxonomy":"tribe_events_cat","embeddable":true,"href":"https:\/\/www.szklo-ceramika.online\/en\/wp-json\/wp\/v2\/tribe_events_cat?post=1741"}],"curies":[{"name":"wp","href":"https:\/\/api.w.org\/{rel}","templated":true}]}}