{"id":1902,"date":"2021-09-14T14:39:18","date_gmt":"2021-09-14T13:39:18","guid":{"rendered":"http:\/\/www.szklo-ceramika.online\/?post_type=tribe_events&#038;p=1902"},"modified":"2021-09-21T12:44:09","modified_gmt":"2021-09-21T11:44:09","slug":"wzory-w-kwadracie-zamkniete","status":"publish","type":"tribe_events","link":"https:\/\/www.szklo-ceramika.online\/en\/event\/wzory-w-kwadracie-zamkniete\/","title":{"rendered":"Wzory w kwadracie zamkni\u0119te&#8230;"},"content":{"rendered":"<div class=\"pntrst_main_before_after\"><\/div><div dir=\"auto\">Wystawa p\u0142ytek posadzkowych i \u015bciennych z kolekcji dr Agnieszki Partridge b\u0119dzie mia\u0142a sw\u00f3j wernisa\u017c 20 wrze\u015bnia i potrwa do ko\u0144ca grudnia 2021. Autorka i w\u0142a\u015bcicielka tej niezwyk\u0142ej kolekcji, znana i ceniona autorka wielu publikacji dotycz\u0105cych ceramicznych zdobie\u0144 wn\u0119trz z XIX i XX wieku, znawczyni tematu i administratorka jednej z ciekawszych grup facebookowych &#8220;NIECHCIANE PI\u0118KNO XIX-wieczne posadzki i ok\u0142adziny ceramiczne&#8221; poprowadzi zwiedzaj\u0105cych przez niesamowit\u0105 histori\u0119 p\u0142ytek, poka\u017ce pi\u0119kne przyk\u0142ady kafelkarskiego rzemios\u0142a, ma\u0142e, ceramiczne dzie\u0142a sztuki, kt\u00f3re s\u0105 prze\u015bliczne pojedynczo, a w wi\u0119kszym zbiorze mog\u0105 stworzy\u0107 wprost spektakularne dzie\u0142a. Wystawie b\u0119dzie towarzyszy\u0142 katalog-przewodnik a w okresie jej trwania b\u0119dzie mo\u017cna wzi\u0105\u0107 udzia\u0142 w spacerach po Tarnowie, spotkaniach, wyk\u0142adach. Zadbano tak\u017ce o edukacj\u0119 dzieci i aktywizuj\u0105ce, ciekawe wydarzenia i zadania dla starszych go\u015bci.<\/div>\n<div class=\"pntrst_main_before_after\"><\/div><div class=\"fcbkbttn_buttons_block\" id=\"fcbkbttn_left\"><div class=\"fcbkbttn_button\">\n                            <a href=\"https:\/\/www.facebook.com\/szkloiceramika\" target=\"_blank\">\n                                <img decoding=\"async\" src=\"https:\/\/www.szklo-ceramika.online\/wp-content\/plugins\/social-buttons-pack\/facebook-button-plugin\/images\/standard-facebook-ico.png\" alt=\"Fb-Button\" \/>\n                            <\/a>\n                        <\/div><div class=\"fcbkbttn_like \"><fb:like href=\"https:\/\/www.szklo-ceramika.online\/en\/event\/wzory-w-kwadracie-zamkniete\/\" action=\"like\" colorscheme=\"light\" layout=\"button_count\"  size=\"small\"><\/fb:like><\/div><div class=\"fb-share-button  \" data-href=\"https:\/\/www.szklo-ceramika.online\/en\/event\/wzory-w-kwadracie-zamkniete\/\" data-type=\"button\" data-size=\"small\"><\/div><\/div>","protected":false},"excerpt":{"rendered":"<p>Wystawa p\u0142ytek posadzkowych i \u015bciennych z kolekcji dr Agnieszki Partridge b\u0119dzie mia\u0142a sw\u00f3j wernisa\u017c 20 wrze\u015bnia i potrwa do ko\u0144ca&hellip; <\/p>\n","protected":false},"author":4,"featured_media":1903,"template":"","meta":{"_tribe_events_status":"","_tribe_events_status_reason":"","footnotes":""},"tags":[30,438,439,323,440,15],"tribe_events_cat":[357],"class_list":["post-1902","tribe_events","type-tribe_events","status-publish","has-post-thumbnail","hentry","tag-ceramika","tag-kafelki","tag-partridge","tag-plytki","tag-po","tag-wystawa","tribe_events_cat-ceramika","cat_ceramika"],"_links":{"self":[{"href":"https:\/\/www.szklo-ceramika.online\/en\/wp-json\/wp\/v2\/tribe_events\/1902","targetHints":{"allow":["GET"]}}],"collection":[{"href":"https:\/\/www.szklo-ceramika.online\/en\/wp-json\/wp\/v2\/tribe_events"}],"about":[{"href":"https:\/\/www.szklo-ceramika.online\/en\/wp-json\/wp\/v2\/types\/tribe_events"}],"author":[{"embeddable":true,"href":"https:\/\/www.szklo-ceramika.online\/en\/wp-json\/wp\/v2\/users\/4"}],"version-history":[{"count":2,"href":"https:\/\/www.szklo-ceramika.online\/en\/wp-json\/wp\/v2\/tribe_events\/1902\/revisions"}],"predecessor-version":[{"id":1929,"href":"https:\/\/www.szklo-ceramika.online\/en\/wp-json\/wp\/v2\/tribe_events\/1902\/revisions\/1929"}],"wp:featuredmedia":[{"embeddable":true,"href":"https:\/\/www.szklo-ceramika.online\/en\/wp-json\/wp\/v2\/media\/1903"}],"wp:attachment":[{"href":"https:\/\/www.szklo-ceramika.online\/en\/wp-json\/wp\/v2\/media?parent=1902"}],"wp:term":[{"taxonomy":"post_tag","embeddable":true,"href":"https:\/\/www.szklo-ceramika.online\/en\/wp-json\/wp\/v2\/tags?post=1902"},{"taxonomy":"tribe_events_cat","embeddable":true,"href":"https:\/\/www.szklo-ceramika.online\/en\/wp-json\/wp\/v2\/tribe_events_cat?post=1902"}],"curies":[{"name":"wp","href":"https:\/\/api.w.org\/{rel}","templated":true}]}}