{"id":2187,"date":"2022-04-03T16:43:01","date_gmt":"2022-04-03T15:43:01","guid":{"rendered":"http:\/\/www.szklo-ceramika.online\/?post_type=tribe_events&#038;p=2187"},"modified":"2022-04-03T16:45:44","modified_gmt":"2022-04-03T15:45:44","slug":"4-festiwal-ceramiki-w-pieckach","status":"publish","type":"tribe_events","link":"https:\/\/www.szklo-ceramika.online\/en\/event\/4-festiwal-ceramiki-w-pieckach\/","title":{"rendered":"4 Festiwal Ceramiki w Pieckach!!!"},"content":{"rendered":"<div class=\"pntrst_main_before_after\"><\/div><p>4 Festiwal Ceramiki w Pieckach odb\u0119dzie si\u0119 23-24 lipca 2022 r.<br \/>\nZapisy ruszy\u0142y 11 marca (pi\u0105tek).<br \/>\nRegulamin i karta zg\u0142oszenia dost\u0119pne na\u00a0<a class=\"oajrlxb2 g5ia77u1 qu0x051f esr5mh6w e9989ue4 r7d6kgcz rq0escxv nhd2j8a9 nc684nl6 p7hjln8o kvgmc6g5 cxmmr5t8 oygrvhab hcukyx3x jb3vyjys rz4wbd8a qt6c0cv9 a8nywdso i1ao9s8h esuyzwwr f1sip0of lzcic4wl gpro0wi8 py34i1dx\" tabindex=\"0\" role=\"link\" href=\"https:\/\/l.facebook.com\/l.php?u=http%3A%2F%2Fgokpiecki.pl%2Ffestiwalceramiki%3Ffbclid%3DIwAR26eulGdwhaysjBo6plYCwZDThJyLexN6pfQ_Ra0oDe9xnFhMZv1iHfZ3U&amp;h=AT2iZCQjnBDOUJLIpJL9xZ6fvi42dZ2fCNINqiZjf-UUXfCoa_W14Yn2N0WmtgQ0iXeu0-1T3M0rHPeUAW4nOuGb-_Jd7fkwgf6zoKrflnCQEgqj3ElXlVOYLPC4KZxvnjnj&amp;__tn__=-UK*F&amp;c[0]=AT1eZqCntY6JcxzyO5S7MKfTj4A-7zL1EAQGRpon8MSU0VESFHFdzewF4VNYOvL4cYd5hdR2d1n3qmygMDswoyMBGw91FdZpM_Vj-RoxWx5aEk4wT0Odpy-qz5-XG8YQrAsDE4b4Y44zjcPh5-CZEnYp-Jt3f3dIYq911adbW3XLNuc\" target=\"_blank\" rel=\"nofollow noopener\">gokpiecki.pl\/festiwalceramiki<\/a><\/p>\n<p>Lato ju\u017c nigdy nie b\u0119dzie takie samo bez lipcowego festiwalu ceramiki w Pieckach! Wystawcy mog\u0105 ju\u017c zg\u0142asza\u0107 ch\u0119\u0107 udzia\u0142u, a odwiedzaj\u0105cy uwzgl\u0119dnia\u0107 to wydarzenie w swoich planach wakacyjnych, urlopowych albo po prostu jako weekendow\u0105 wycieczk\u0119. Nie zapomnijcie odpowiednio wcze\u015bnie zabukowa\u0107 kwatery \ud83d\ude42<\/p>\n<div class=\"pntrst_main_before_after\"><\/div><div class=\"fcbkbttn_buttons_block\" id=\"fcbkbttn_left\"><div class=\"fcbkbttn_button\">\n                            <a href=\"https:\/\/www.facebook.com\/szkloiceramika\" target=\"_blank\">\n                                <img decoding=\"async\" src=\"https:\/\/www.szklo-ceramika.online\/wp-content\/plugins\/social-buttons-pack\/facebook-button-plugin\/images\/standard-facebook-ico.png\" alt=\"Fb-Button\" \/>\n                            <\/a>\n                        <\/div><div class=\"fcbkbttn_like \"><fb:like href=\"https:\/\/www.szklo-ceramika.online\/en\/event\/4-festiwal-ceramiki-w-pieckach\/\" action=\"like\" colorscheme=\"light\" layout=\"button_count\"  size=\"small\"><\/fb:like><\/div><div class=\"fb-share-button  \" data-href=\"https:\/\/www.szklo-ceramika.online\/en\/event\/4-festiwal-ceramiki-w-pieckach\/\" data-type=\"button\" data-size=\"small\"><\/div><\/div>","protected":false},"excerpt":{"rendered":"<p>4 Festiwal Ceramiki w Pieckach odb\u0119dzie si\u0119 23-24 lipca 2022 r. Zapisy ruszy\u0142y 11 marca (pi\u0105tek). Regulamin i karta zg\u0142oszenia&hellip; <\/p>\n","protected":false},"author":4,"featured_media":2188,"template":"","meta":{"_tribe_events_status":"","_tribe_events_status_reason":"","footnotes":""},"tags":[30,62,309,112],"tribe_events_cat":[357],"class_list":["post-2187","tribe_events","type-tribe_events","status-publish","has-post-thumbnail","hentry","tag-ceramika","tag-festiwal","tag-piecki","tag-wydarzenia","tribe_events_cat-ceramika","cat_ceramika"],"_links":{"self":[{"href":"https:\/\/www.szklo-ceramika.online\/en\/wp-json\/wp\/v2\/tribe_events\/2187","targetHints":{"allow":["GET"]}}],"collection":[{"href":"https:\/\/www.szklo-ceramika.online\/en\/wp-json\/wp\/v2\/tribe_events"}],"about":[{"href":"https:\/\/www.szklo-ceramika.online\/en\/wp-json\/wp\/v2\/types\/tribe_events"}],"author":[{"embeddable":true,"href":"https:\/\/www.szklo-ceramika.online\/en\/wp-json\/wp\/v2\/users\/4"}],"version-history":[{"count":2,"href":"https:\/\/www.szklo-ceramika.online\/en\/wp-json\/wp\/v2\/tribe_events\/2187\/revisions"}],"predecessor-version":[{"id":2190,"href":"https:\/\/www.szklo-ceramika.online\/en\/wp-json\/wp\/v2\/tribe_events\/2187\/revisions\/2190"}],"wp:featuredmedia":[{"embeddable":true,"href":"https:\/\/www.szklo-ceramika.online\/en\/wp-json\/wp\/v2\/media\/2188"}],"wp:attachment":[{"href":"https:\/\/www.szklo-ceramika.online\/en\/wp-json\/wp\/v2\/media?parent=2187"}],"wp:term":[{"taxonomy":"post_tag","embeddable":true,"href":"https:\/\/www.szklo-ceramika.online\/en\/wp-json\/wp\/v2\/tags?post=2187"},{"taxonomy":"tribe_events_cat","embeddable":true,"href":"https:\/\/www.szklo-ceramika.online\/en\/wp-json\/wp\/v2\/tribe_events_cat?post=2187"}],"curies":[{"name":"wp","href":"https:\/\/api.w.org\/{rel}","templated":true}]}}