{"id":2648,"date":"2023-06-10T15:47:35","date_gmt":"2023-06-10T14:47:35","guid":{"rendered":"http:\/\/www.szklo-ceramika.online\/en\/?post_type=tribe_events&#038;p=2648"},"modified":"2023-06-10T16:04:54","modified_gmt":"2023-06-10T15:04:54","slug":"ogolnopolski-przeglad-rzezby-ceramicznej-styk","status":"publish","type":"tribe_events","link":"https:\/\/www.szklo-ceramika.online\/en\/event\/ogolnopolski-przeglad-rzezby-ceramicznej-styk\/","title":{"rendered":"Og\u00f3lnopolski Przegl\u0105d Rze\u017aby Ceramicznej &#8220;STYK&#8221;"},"content":{"rendered":"<div class=\"pntrst_main_before_after\"><\/div><p>Og\u00f3lnopolskim Przegl\u0105d Rze\u017aby Artystycznej &#8220;STYK&#8221; odbywa\u0142 si\u0119 b\u0119dzie w gda\u0144skiej Galerii WL4 Przestrze\u0144 Sztuki przez miesiac (24.06-23.07.2023) w ramach Wydarzenia Artystycznego Wyjd\u017a do Sztuki. To ju\u017c 6. edycja organizowana przez Gda\u0144sk\u0105 Grup\u0119 Ceramiczn\u0105 Nie\/ wypaleni oraz WL4 w Gda\u0144sku.<br \/>\nTr\u00f3jmiejscy arty\u015bci ceramicy organizuj\u0105 Przegl\u0105d, by popularyzowa\u0107 rze\u017ab\u0119 ceramiczn\u0105 i aktywizowa\u0107 \u015brodowisko ceramik\u00f3w w Polsce. W harmonogramie wydarzenia:<br \/>\n&#8211; 23 czerwca godzina 19.00 otwarcie wystawy<br \/>\n&#8211; 24 czerwca \u2013 23 lipca wystawa w przestrzeni WL4, Gda\u0144sk<br \/>\n&#8211; 24 czerwca \u2013 22 lipca plebiscyt publiczno\u015bci, obrady jury<br \/>\n&#8211; 22 lipca godzina 19.00 finisa\u017c wystawy z wr\u0119czeniem nagr\u00f3d.<\/p>\n<div class=\"x11i5rnm xat24cr x1mh8g0r x1vvkbs xtlvy1s\">Wszystkie informacje b\u0119d\u0105 na bie\u017c\u0105co publikowane na Stronach internetowych organizator\u00f3w.<\/div>\n<div class=\"x11i5rnm xat24cr x1mh8g0r x1vvkbs xtlvy1s\">Jednocze\u015bnie w dniach 24-25 czerwca odb\u0119dzie si\u0119 PIKNIK CERAMICZNY po\u0142\u0105czony z kiermaszem, prezentacj\u0105 autorskich pracowni artystycznych, konsultacjami eksperckimi, warsztatami i wypa\u0142ami ceramiki metod\u0105 raku (oraz inne atrakcje) .<\/div>\n<div class=\"pntrst_main_before_after\"><\/div><div class=\"fcbkbttn_buttons_block\" id=\"fcbkbttn_left\"><div class=\"fcbkbttn_button\">\n                            <a href=\"https:\/\/www.facebook.com\/szkloiceramika\" target=\"_blank\">\n                                <img decoding=\"async\" src=\"https:\/\/www.szklo-ceramika.online\/wp-content\/plugins\/social-buttons-pack\/facebook-button-plugin\/images\/standard-facebook-ico.png\" alt=\"Fb-Button\" \/>\n                            <\/a>\n                        <\/div><div class=\"fcbkbttn_like \"><fb:like href=\"https:\/\/www.szklo-ceramika.online\/en\/event\/ogolnopolski-przeglad-rzezby-ceramicznej-styk\/\" action=\"like\" colorscheme=\"light\" layout=\"button_count\"  size=\"small\"><\/fb:like><\/div><div class=\"fb-share-button  \" data-href=\"https:\/\/www.szklo-ceramika.online\/en\/event\/ogolnopolski-przeglad-rzezby-ceramicznej-styk\/\" data-type=\"button\" data-size=\"small\"><\/div><\/div>","protected":false},"excerpt":{"rendered":"<p>Og\u00f3lnopolskim Przegl\u0105d Rze\u017aby Artystycznej &#8220;STYK&#8221; odbywa\u0142 si\u0119 b\u0119dzie w gda\u0144skiej Galerii WL4 Przestrze\u0144 Sztuki przez miesiac (24.06-23.07.2023) w ramach Wydarzenia&hellip; <\/p>\n","protected":false},"author":4,"featured_media":2664,"template":"","meta":{"_tribe_events_status":"","_tribe_events_status_reason":"","footnotes":""},"tags":[582,31,30],"tribe_events_cat":[357],"class_list":["post-2648","tribe_events","type-tribe_events","status-publish","has-post-thumbnail","hentry","tag-trojm","tag-ceramics","tag-ceramika","tribe_events_cat-ceramika","cat_ceramika"],"_links":{"self":[{"href":"https:\/\/www.szklo-ceramika.online\/en\/wp-json\/wp\/v2\/tribe_events\/2648","targetHints":{"allow":["GET"]}}],"collection":[{"href":"https:\/\/www.szklo-ceramika.online\/en\/wp-json\/wp\/v2\/tribe_events"}],"about":[{"href":"https:\/\/www.szklo-ceramika.online\/en\/wp-json\/wp\/v2\/types\/tribe_events"}],"author":[{"embeddable":true,"href":"https:\/\/www.szklo-ceramika.online\/en\/wp-json\/wp\/v2\/users\/4"}],"version-history":[{"count":2,"href":"https:\/\/www.szklo-ceramika.online\/en\/wp-json\/wp\/v2\/tribe_events\/2648\/revisions"}],"predecessor-version":[{"id":2668,"href":"https:\/\/www.szklo-ceramika.online\/en\/wp-json\/wp\/v2\/tribe_events\/2648\/revisions\/2668"}],"wp:featuredmedia":[{"embeddable":true,"href":"https:\/\/www.szklo-ceramika.online\/en\/wp-json\/wp\/v2\/media\/2664"}],"wp:attachment":[{"href":"https:\/\/www.szklo-ceramika.online\/en\/wp-json\/wp\/v2\/media?parent=2648"}],"wp:term":[{"taxonomy":"post_tag","embeddable":true,"href":"https:\/\/www.szklo-ceramika.online\/en\/wp-json\/wp\/v2\/tags?post=2648"},{"taxonomy":"tribe_events_cat","embeddable":true,"href":"https:\/\/www.szklo-ceramika.online\/en\/wp-json\/wp\/v2\/tribe_events_cat?post=2648"}],"curies":[{"name":"wp","href":"https:\/\/api.w.org\/{rel}","templated":true}]}}